{"id":1935,"date":"2020-05-05T15:17:34","date_gmt":"2020-05-05T13:17:34","guid":{"rendered":"https:\/\/www.puravidauniversity.eu\/de\/?page_id=1935"},"modified":"2020-05-08T17:05:03","modified_gmt":"2020-05-08T15:05:03","slug":"allgemeine-informationen-4","status":"publish","type":"page","link":"https:\/\/www.puravidauniversity.eu\/de\/allgemeine-informationen-4\/","title":{"rendered":"Allgemeine Informationen"},"content":{"rendered":"\n<p><\/p>\n\n\n<div class=\"wp-block-columns\">\n<div class=\"wp-block-column\">\n<h5>Ganz allgemein&#8230;<\/h5>\n\n\n\n<p>Rauchende Vulkane, dichte Urw\u00e4lder, exotische Tiere und traumhafte Tropenstr\u00e4nde:<br><strong>Costa Rica <\/strong>lockt mit gro\u00dfer Vielfalt auf kleinster Fl\u00e4che. Naturliebhaber, Abenteurer, Sonnenanbeter und Kulturinteressierte finden ganzj\u00e4hrig authentische Erlebnisse in einem der sichersten L\u00e4nder Lateinamerikas. Ob Familien, Hochzeitsreisende, Luxusliebhaber, Entspannungssuchende \u2013 Costa Rica l\u00e4sst keine W\u00fcnsche offen. Politische Stabilit\u00e4t, moderne Infrastruktur und kurze Distanzen im Land machen das zentralamerikanische Naturparadies zwischen Pazifik und karibischem Meer zum idealen Urlaubsziel mit 365 Tagen Saison. Authentische Erlebnisvielfalt fernab des Alltags erleben: das ist Pura Vida \u2013 Pures Leben, wie man in Costa Rica sagt. <\/p>\n\n\n\n<p>Offizielle deutschsprachige Website vom Costa Rica Tourism Board:  <strong><a href=\"https:\/\/www.visitcostarica.com\/de\">https:\/\/www.visitcostarica.com\/de<\/a><\/strong> <\/p>\n\n\n\n<div class=\"wp-block-columns\">\n<div class=\"wp-block-column\">\n<div class=\"wp-block-image\"><figure class=\"aligncenter is-resized\"><a href=\"https:\/\/www.facebook.com\/visitcostaricade\"><img src=\"https:\/\/www.puravidauniversity.eu\/de\/wp-content\/uploads\/sites\/6\/2020\/05\/Facebook-Logo.png\" alt=\"\" class=\"wp-image-1953\" width=\"40\" srcset=\"https:\/\/www.puravidauniversity.eu\/de\/wp-content\/uploads\/sites\/6\/2020\/05\/Facebook-Logo.png 225w, https:\/\/www.puravidauniversity.eu\/de\/wp-content\/uploads\/sites\/6\/2020\/05\/Facebook-Logo-150x150.png 150w, https:\/\/www.puravidauniversity.eu\/de\/wp-content\/uploads\/sites\/6\/2020\/05\/Facebook-Logo-60x60.png 60w\" sizes=\"(max-width: 225px) 100vw, 225px\" \/><\/a><\/figure><\/div>\n<\/div>\n\n\n\n<div class=\"wp-block-column\">\n<div class=\"wp-block-image\"><figure class=\"aligncenter is-resized\"><a href=\"https:\/\/www.instagram.com\/visit_costaricade\/\"><img src=\"https:\/\/www.puravidauniversity.eu\/de\/wp-content\/uploads\/sites\/6\/2020\/05\/Instagram-Logo.png\" alt=\"\" class=\"wp-image-1955\" width=\"40\" srcset=\"https:\/\/www.puravidauniversity.eu\/de\/wp-content\/uploads\/sites\/6\/2020\/05\/Instagram-Logo.png 123w, https:\/\/www.puravidauniversity.eu\/de\/wp-content\/uploads\/sites\/6\/2020\/05\/Instagram-Logo-60x60.png 60w\" sizes=\"(max-width: 123px) 100vw, 123px\" \/><\/a><\/figure><\/div>\n<\/div>\n<\/div>\n\n\n\n<p class=\"has-text-align-center\">      <\/p>\n\n\n\n<h5>Facts &amp; Figures<\/h5>\n\n\n\n<div class=\"wp-block-columns no-margin\">\n<div class=\"wp-block-column\" style=\"flex-basis:34%\">\n<p class=\"no-margin\">Landesfl\u00e4che<\/p>\n<\/div>\n\n\n\n<div class=\"wp-block-column\" style=\"flex-basis:66%\">\n<p class=\"no-margin\">51.000 Quadratkilometer<\/p>\n<\/div>\n<\/div>\n\n\n\n<div class=\"wp-block-columns no-margin\">\n<div class=\"wp-block-column\" style=\"flex-basis:34%\">\n<p class=\"no-margin\">Geografische Lage: <\/p>\n<\/div>\n\n\n\n<div class=\"wp-block-column\" style=\"flex-basis:66%\">\n<p class=\"no-margin\">Costa Rica grenzt im Norden an Nicaragua und im S\u00fcden an Panama. Im Osten ist der Staat durch die Karibik und im Westen durch den Pazifik begrenzt. <\/p>\n<\/div>\n<\/div>\n\n\n\n<div class=\"wp-block-columns no-margin\">\n<div class=\"wp-block-column\" style=\"flex-basis:34%\">\n<p>Zeitunterschied<\/p>\n<\/div>\n\n\n\n<div class=\"wp-block-column\" style=\"flex-basis:66%\">\n<p> MEZ -7 (Winter) und MESZ -8 (Sommer) <\/p>\n<\/div>\n<\/div>\n\n\n\n<div class=\"wp-block-columns no-margin\">\n<div class=\"wp-block-column\" style=\"flex-basis:34%\">\n<p>W\u00e4hrung<\/p>\n<\/div>\n\n\n\n<div class=\"wp-block-column\" style=\"flex-basis:66%\">\n<p> Col\u00f3n (CRC). In Touristenzentren werden auch US Dollar angenommen. <\/p>\n<\/div>\n<\/div>\n\n\n\n<div class=\"wp-block-columns no-margin\">\n<div class=\"wp-block-column\" style=\"flex-basis:34%\">\n<p>Telefon<\/p>\n<\/div>\n\n\n\n<div class=\"wp-block-column\" style=\"flex-basis:66%\">\n<p> Vorwahl : +506 <\/p>\n<\/div>\n<\/div>\n\n\n\n<div class=\"wp-block-columns no-margin\">\n<div class=\"wp-block-column\" style=\"flex-basis:34%\">\n<p>Strom<\/p>\n<\/div>\n\n\n\n<div class=\"wp-block-column\" style=\"flex-basis:66%\">\n<p> 110 Volt (Adapter notwendig) <\/p>\n<\/div>\n<\/div>\n<\/div>\n\n\n\n<div class=\"wp-block-column\">\n<h5>Anreise &amp; Einreise<\/h5>\n\n\n\n<p>F\u00fcr die <strong>Einreise<\/strong> gen\u00fcgt ein sechs Monate g\u00fcltiger Reisepass! Die maximale Aufenthaltsdauer betr\u00e4gt 90 Tage. <\/p>\n\n\n\n<p><strong>Anreise<\/strong> mit Condor (via Santo&nbsp;Domingo), Iberia (via Madrid), Air France (via Paris), KLM (via Amsterdam) und Lufthansa (sowohl nonstop als auch \u00fcber Panama ab Frankfurt). F\u00fcr Reisende aus S\u00fcddeutschland und der Schweiz besonders interessant:&nbsp;Edelweiss&nbsp;fliegt mehrmals pro Woche von Z\u00fcrich nach San Jos\u00e9.&nbsp;<\/p>\n\n\n\n<p><strong>Vor Ort unterwegs<\/strong>&nbsp;<\/p>\n\n\n\n<p>Ob individuell mit dem Mietwagen oder auf einer gef\u00fchrten Rundreise \u2013 Costa Rica verf\u00fcgt \u00fcber eine gute Infrastruktur und ein gut ausgebautes Busnetz. Inlandsfl\u00fcge bietet zum Beispiel&nbsp;Sansa&nbsp;Regional (<a rel=\"noreferrer noopener\" href=\"http:\/\/www.flysansa.com\/\" target=\"_blank\">www.flysansa.com<\/a>) an.&nbsp;<\/p>\n\n\n\n<br>\n\n\n\n<div class=\"wp-block-image\"><figure class=\"aligncenter size-large\"><img loading=\"lazy\" width=\"500\" height=\"375\" src=\"https:\/\/www.puravidauniversity.eu\/de\/wp-content\/uploads\/sites\/6\/2017\/03\/Barrierefreiheit-Nationalparks.jpg\" alt=\"\" class=\"wp-image-1207\" srcset=\"https:\/\/www.puravidauniversity.eu\/de\/wp-content\/uploads\/sites\/6\/2017\/03\/Barrierefreiheit-Nationalparks.jpg 500w, https:\/\/www.puravidauniversity.eu\/de\/wp-content\/uploads\/sites\/6\/2017\/03\/Barrierefreiheit-Nationalparks-300x225.jpg 300w\" sizes=\"(max-width: 500px) 100vw, 500px\" \/><\/figure><\/div>\n<\/div>\n<\/div>\n\n\n\n<div class=\"wp-block-columns\">\n<div class=\"wp-block-column\">\n<h5>Beste Reisezeit? Immer!<\/h5>\n\n\n\n<p>Ob individuell mit dem Mietwagen oder auf einer Rundreise \u2013 Costa Rica ist ganzj\u00e4hrig gut zu bereisen. Zum Faulenzen bietet das Land eigentlich viel zu viele Highlights &#8211; wer sich trotzdem nach ein paar Strandtagen sehnt, sollte entweder die <strong>pazifische Trockenzei<\/strong>t zwischen Dezember und April oder die <strong>karibische Trockenzeit<\/strong> zwischen August und Oktober w\u00e4hlen.&nbsp;<\/p>\n\n\n\n<p><strong>Naturhighlights,<\/strong> wie Vogelmigration, Walbeobachtungen oder die Eiablage der Meeresschildkr\u00f6ten, erlebt man am besten zwischen Juli und Oktober.&nbsp;<\/p>\n\n\n\n<p>Wer mit kleinem Budget reist, sollte sich dagegen auf die <strong>Nebensaison<\/strong> von Mai bis Oktober konzentrieren.&nbsp;<\/p>\n\n\n\n<p>In Costa Rica gibt es also mehrere Klimazonen. Was die Temperaturen betrifft, so kann man sagen, dass es im Hochland  gem\u00e4\u00dfigt k\u00fchl ist. An der Ostk\u00fcste herrscht ganzj\u00e4hrig ein tropisch feuchtes Klima mit Temperaturen um die 28 Grad, an der Pazifikk\u00fcste ist es trockener mit Temperaturen zwischen 27 und 34 Grad. Subtropisches Klima findet sich in der Hochebene. Im Hochgebirge liegt dagegen die Durchschnittstemperatur bei 12 Grad.<\/p>\n\n\n\n<p><strong>Informationen zu Klima und Reisezeiten<\/strong>: <br> <a href=\"https:\/\/www.visitcostarica.com\/de\/costa-rica\/climate\">https:\/\/www.visitcostarica.com\/de\/costa-rica\/climate<\/a> <\/p>\n\n\n\n<p><\/p>\n\n\n\n<div style=\"height:20px\" aria-hidden=\"true\" class=\"wp-block-spacer\"><\/div>\n\n\n\n<div class=\"wp-block-image is-style-circle-mask no-margin\"><figure class=\"aligncenter size-large\"><img loading=\"lazy\" width=\"856\" height=\"533\" src=\"https:\/\/www.puravidauniversity.eu\/de\/wp-content\/uploads\/sites\/6\/2019\/05\/fotocr-editada.png\" alt=\"\" class=\"wp-image-1556\" srcset=\"https:\/\/www.puravidauniversity.eu\/de\/wp-content\/uploads\/sites\/6\/2019\/05\/fotocr-editada.png 856w, https:\/\/www.puravidauniversity.eu\/de\/wp-content\/uploads\/sites\/6\/2019\/05\/fotocr-editada-300x187.png 300w, https:\/\/www.puravidauniversity.eu\/de\/wp-content\/uploads\/sites\/6\/2019\/05\/fotocr-editada-768x478.png 768w\" sizes=\"(max-width: 856px) 100vw, 856px\" \/><\/figure><\/div>\n<\/div>\n\n\n\n<div class=\"wp-block-column\">\n<h5>Wussten Sie schon, dass&#8230;.?<\/h5>\n\n\n\n<p><\/p>\n\n\n\n<ul><li>&#8230;in Costa Rica 99&nbsp;Prozent der Energie aus erneuerbaren Energien stammt?&nbsp; <\/li><\/ul>\n\n\n\n<ul><li> Costa Ricas fr\u00fcherer Pr\u00e4sident zum &#8222;Ehrenbotschafter&#8220; des Internationalen Jahres des nachhaltigen Tourismus 2017 gew\u00e4hlt wurde?&nbsp; <\/li><\/ul>\n\n\n\n<ul><li> \u2026&nbsp;dass die Costa Ricaner zu den gl\u00fccklichsten Menschen der Welt geh\u00f6ren?&nbsp; <\/li><\/ul>\n\n\n\n<ul><li> \u2026Costa Rica laut dem Global Peace Index zu den sichersten Destinationen&nbsp;in Lateinamerika z\u00e4hlt?&nbsp; <\/li><\/ul>\n\n\n\n<ul><li> \u2026 \u201ePura Vida!\u201c zum \u00fcblichen Gru\u00df in Costa Rica geh\u00f6rt, der Wohlbefinden, Freude, Einverst\u00e4ndnis und Lebenslust ausdr\u00fcckt?&nbsp; <\/li><\/ul>\n\n\n\n<ul><li> \u2026 sich die besten Tauchgr\u00fcnde in der Umgebung der Isla del Coco befinden?&nbsp; <\/li><\/ul>\n\n\n\n<ul><li> \u2026 man den Regenwald auch ganz bequem&nbsp;von einer Seilbahn aus bewundern kann?&nbsp; <\/li><\/ul>\n\n\n\n<ul><li> \u2026 die Route \u00fcber den Cerro de la&nbsp;Muerte&nbsp;(nomen&nbsp;ets&nbsp;omen!) nach San Isidro eine echte Fahrstrecke der Superlative ist? <\/li><\/ul>\n\n\n\n<ul><li> \u2026 eine der interessantesten Wanderungen in vier Tagen durch den Nationalpark Corcovado&nbsp;f\u00fchrt?&nbsp; <\/li><\/ul>\n\n\n\n<ul><li> \u2026 es&nbsp;in Costa Rica jede Menge \u201espritzige Ausfl\u00fcge\u201c auf den Wildwasserfl\u00fcssen mit Schlauchboot, Kajak und Kanu zu erleben gibt?&nbsp; <\/li><\/ul>\n\n\n\n<ul><li> \u2026 der h\u00f6chste Berg des Landes, der 3.820 Meter hohe&nbsp;Chirrip\u00f3&nbsp;die h\u00f6chste Erhebung zwischen Guatemala und den s\u00fcdamerikanischen Anden&nbsp;ist und man bei guter Sicht vom Gipfel aus sowohl den Pazifik als auch das Karibische Meer sehen kann?<\/li><\/ul>\n\n\n\n<ul><li> \u2026 es in Costa Rica mehr als 100 Vulkane gibt und davon sieben aktiv sind?&nbsp;&nbsp; <\/li><\/ul>\n\n\n\n<ul><li> \u2026 Costa Rica&nbsp;mit 51.100 Quadratkilometern Fl\u00e4che&nbsp;nur etwas gr\u00f6\u00dfer als&nbsp;die Schweiz ist&nbsp;und gerade mal 0,03 Prozent der Erdoberfl\u00e4che bedeckt, aber&nbsp;ganze&nbsp;5 Prozent der weltweiten&nbsp;Flora und Fauna&nbsp;beheimatet?&nbsp;&nbsp; <\/li><\/ul>\n\n\n\n<ul><li> \u2026 Costa Rica 29 Nationalparks hat?&nbsp;&nbsp; <\/li><\/ul>\n\n\n\n<ul><li> \u2026 in Costa Rica 9000 Vogelarten beheimatet sind?&nbsp; <\/li><\/ul>\n<\/div>\n<\/div>\n\n\n\n<div class=\"wp-block-columns\">\n<div class=\"wp-block-column\">\n<h5>Kontakte Botschaften<\/h5>\n\n\n\n<p>Allgemeine Ausk\u00fcnfte f\u00fcr Urlauber in den Botschaften<\/p>\n\n\n\n<p><strong>Deutschland:<\/strong><br>Reinhardtstra\u00dfe 47a<br>10117 Berlin<br><a href=\"http:\/\/www.botschaft-costarica.de\/\" target=\"_blank\" rel=\"noreferrer noopener\">www.botschaft-costarica.de<br><\/a>E-Mail: <a href=\"mailto:emb@embajada-costarica.de\" target=\"_blank\" rel=\"noreferrer noopener\">emb@embajada-costarica.de<\/a><\/p>\n\n\n\n<p><strong>\u00d6sterreich:<\/strong><br>Wagramer Stra\u00dfe 23\/1\/1<br>1220 Wien<br><a href=\"http:\/\/www.botschaft-konsulat.com\/at\/Osterreich\/1963\/Costa-Rica-in-Wien\">www.botschaft-konsulat.com\/at\/Osterreich\/1963\/Costa-Rica-in-Wien<\/a><br>E-Mail: <a href=\"mailto:embajadaaustria_costa.rica@chello.at\" target=\"_blank\" rel=\"noreferrer noopener\">embajadaaustria_costa.rica@chello.at<\/a><\/p>\n\n\n\n<p><strong>Schweiz:<\/strong><br>Marktgasse 51<br>3011 Bern<br><a href=\"http:\/\/www.botschaft-bern.com\/costa-rica.html\" target=\"_blank\" rel=\"noreferrer noopener\">www.botschaft-bern.com\/costa-rica.html<br><\/a>E-Mail: <a href=\"mailto:costa.rica@bluewin.ch\" target=\"_blank\" rel=\"noreferrer noopener\">costa.rica@bluewin.ch<\/a><\/p>\n\n\n\n<div class=\"wp-block-image\"><figure class=\"alignleft size-large is-resized\"><img loading=\"lazy\" src=\"https:\/\/www.puravidauniversity.eu\/de\/wp-content\/uploads\/sites\/6\/2016\/11\/header-4-1024x319.jpg\" alt=\"\" class=\"wp-image-85\" width=\"768\" height=\"239\" srcset=\"https:\/\/www.puravidauniversity.eu\/de\/wp-content\/uploads\/sites\/6\/2016\/11\/header-4-1024x319.jpg 1024w, https:\/\/www.puravidauniversity.eu\/de\/wp-content\/uploads\/sites\/6\/2016\/11\/header-4-300x94.jpg 300w, https:\/\/www.puravidauniversity.eu\/de\/wp-content\/uploads\/sites\/6\/2016\/11\/header-4-768x240.jpg 768w, https:\/\/www.puravidauniversity.eu\/de\/wp-content\/uploads\/sites\/6\/2016\/11\/header-4.jpg 1414w\" sizes=\"(max-width: 768px) 100vw, 768px\" \/><\/figure><\/div>\n<\/div>\n\n\n\n<div class=\"wp-block-column\">\n<h5>Beste Gr\u00fcnde f\u00fcr eine Costa Rica Reise<\/h5>\n\n\n\n<p><strong>Costa Rica hat 365 Tage im Jahr Saison: <\/strong>Ob individuell mit dem Mietwagen oder auf einer Gruppenrundreise \u2013 Costa Rica verf\u00fcgt \u00fcber verschiedene Mikroklimata mit durchg\u00e4ngig milden Temperaturen. Und zu jeder Jahreszeit gibt es spannende Dinge zu entdecken (z.B. Walbeobachtung zwischen Juli und Oktober).<\/p>\n\n\n\n<p><strong>Ideale \u201eEinsteiger-Destination\u201c f\u00fcr Lateinamerika: <\/strong>Das friedliche Land ohne Milit\u00e4r gilt als eines der sichersten Reiseziele Lateinamerikas und ist bekannt f\u00fcr seine politische Stabilit\u00e4t, moderne Infrastruktur und das erstklassige Tourismus- und Serviceangebot. Ein weiterer Pluspunkt ist, dass vielerorts gutes Englisch gesprochen wird.<\/p>\n\n\n\n<p><strong>Einzigartige Erlebnisvielfalt: <\/strong>Ob Urw\u00e4lder, Fl\u00fcsse &amp; Seen, traumhafte Naturstr\u00e4nde, Vulkane&nbsp; oder Thermalquellen \u2013 Costa Rica garantiert&nbsp; Abenteuer und Erholung pur. Auch Gastronomie-und Kulturinteressierte kommen auf ihre Kosten: lokale K\u00f6stlichkeiten, zahlreiche Museen und kulturelle Aktivit\u00e4ten bieten viel Abwechslung. <\/p>\n\n\n\n<p><strong>Vorreiter im \u00d6ko-Tourismus: <\/strong>26 % des Landes steht unter Naturschutz und es gibt unter anderem 29 Nationalparks und 62 Naturschutzgebiete. Das kleine Land macht zudem 6,5 Prozent der weltweiten Biodiversit\u00e4t aus. Und noch eine Besonderheit: 99 Prozent der Energie des Landes wird aus erneuerbaren Quellen erzeugt!<\/p>\n\n\n\n<p><strong>Hervorragend f\u00fcr alle Arten von Individual- Urlaubern geeignet:<\/strong> ob mit dem Mietwagen oder in einer Kleingruppe,&nbsp; Reisende finden ein gro\u00dfes Angebot, die einzigartige Natur zu erleben (z.B. Rafting, Kajaktouren, Surfen). Von einfachen Caba\u00f1as \u00fcber rustikale \u00d6ko-Lodges bis hin zu 5-Sterne Wellnesshotels wird alles geboten!<\/p>\n<\/div>\n<\/div>\n\n\n\n<p><\/p>\n\n\n\n<p><\/p>\n\n\n\n<p><\/p>\n\n\n\n<p><\/p>\n","protected":false},"excerpt":{"rendered":"<p>Ganz allgemein&#8230; Rauchende Vulkane, dichte Urw\u00e4lder, exotische Tiere und traumhafte Tropenstr\u00e4nde:Costa Rica lockt mit gro\u00dfer Vielfalt auf kleinster Fl\u00e4che. Naturliebhaber, Abenteurer, Sonnenanbeter und Kulturinteressierte finden ganzj\u00e4hrig authentische Erlebnisse in einem der sichersten L\u00e4nder Lateinamerikas. Ob Familien, Hochzeitsreisende, Luxusliebhaber, Entspannungssuchende \u2013 &hellip; <a href=\"https:\/\/www.puravidauniversity.eu\/de\/allgemeine-informationen-4\/\">Weiterlesen<\/a><\/p>\n","protected":false},"author":5,"featured_media":0,"parent":0,"menu_order":0,"comment_status":"closed","ping_status":"closed","template":"","meta":[],"_links":{"self":[{"href":"https:\/\/www.puravidauniversity.eu\/de\/wp-json\/wp\/v2\/pages\/1935"}],"collection":[{"href":"https:\/\/www.puravidauniversity.eu\/de\/wp-json\/wp\/v2\/pages"}],"about":[{"href":"https:\/\/www.puravidauniversity.eu\/de\/wp-json\/wp\/v2\/types\/page"}],"author":[{"embeddable":true,"href":"https:\/\/www.puravidauniversity.eu\/de\/wp-json\/wp\/v2\/users\/5"}],"replies":[{"embeddable":true,"href":"https:\/\/www.puravidauniversity.eu\/de\/wp-json\/wp\/v2\/comments?post=1935"}],"version-history":[{"count":79,"href":"https:\/\/www.puravidauniversity.eu\/de\/wp-json\/wp\/v2\/pages\/1935\/revisions"}],"predecessor-version":[{"id":2045,"href":"https:\/\/www.puravidauniversity.eu\/de\/wp-json\/wp\/v2\/pages\/1935\/revisions\/2045"}],"wp:attachment":[{"href":"https:\/\/www.puravidauniversity.eu\/de\/wp-json\/wp\/v2\/media?parent=1935"}],"curies":[{"name":"wp","href":"https:\/\/api.w.org\/{rel}","templated":true}]}}